{"id":1351,"date":"2016-03-23T19:26:03","date_gmt":"2016-03-23T18:26:03","guid":{"rendered":"https:\/\/www.wattworld.ch\/accueil\/?lang=en"},"modified":"2024-05-27T08:56:59","modified_gmt":"2024-05-27T07:56:59","slug":"homepage","status":"publish","type":"page","link":"https:\/\/www.wattworld.ch\/en\/","title":{"rendered":"Homepage"},"content":{"rendered":"<div class=\"wpb-content-wrapper\">[mk_page_section bg_image=&#8221;https:\/\/www.wattworld.ch\/wp-content\/uploads\/2024\/04\/2222240418-WATTWORLD-VELO-BLEU-HOMME-2.jpg&#8221; attachment=&#8221;fixed&#8221; bg_position=&#8221;center center&#8221; bg_repeat=&#8221;no-repeat&#8221; bg_stretch=&#8221;true&#8221;][vc_column][vc_row_inner][vc_column_inner width=&#8221;1\/2&#8243;][\/vc_column_inner][vc_column_inner width=&#8221;1\/2&#8243; css=&#8221;.vc_custom_1459332857056{margin-top: 100px !important;margin-bottom: 100px !important;padding-top: 20px !important;padding-right: 20px !important;padding-bottom: 20px !important;padding-left: 20px !important;background-color: rgba(255,255,255,0.8) !important;*background-color: rgb(255,255,255) !important;border-radius: 5px !important;}&#8221;][mk_blog image_height=&#8221;100&#8243; cropping=&#8221;false&#8221; count=&#8221;1&#8243; pagination=&#8221;false&#8221; excerpt_length=&#8221;500&#8243; item_id=&#8221;1458757444-56f2df4495beb&#8221;][vc_empty_space height=&#8221;5&#8243;][mk_button corner_style=&#8221;rounded&#8221; size=&#8221;medium&#8221; bg_color=&#8221;#004b6c&#8221; txt_color=&#8221;#ffffff&#8221; url=&#8221;https:\/\/www.wattworld.ch\/actualites\/?lang=en&#8221; align=&#8221;center&#8221; margin_bottom=&#8221;9&#8243;]Find out more[\/mk_button][\/vc_column_inner][\/vc_row_inner][\/vc_column][\/mk_page_section][vc_row css=&#8221;.vc_custom_1459437771313{padding-top: 50px !important;padding-right: 0px !important;padding-bottom: 0px !important;padding-left: 0px !important;}&#8221;][vc_column][vc_custom_heading text=&#8221;Vente de v\u00e9los \u00e9lectriques et accessoires neufs ou d&#8217;occasion entre Gen\u00e8ve et Lausanne. Stations de recharge de batterie de v\u00e9los \u00e9lectriques en Suisse.&#8221; font_container=&#8221;tag:h1|text_align:center&#8221; use_theme_fonts=&#8221;yes&#8221; el_class=&#8221;h1seo&#8221;][vc_row_inner][vc_column_inner width=&#8221;1\/3&#8243;][mk_fancy_title size=&#8221;18&#8243; color=&#8221;#004b6c&#8221; font_weight=&#8221;600&#8243; text_transform=&#8221;uppercase&#8221; font_family=&#8221;none&#8221; align=&#8221;center&#8221;]<a href=\"https:\/\/www.wattworld.ch\/velo-electrique-watts-suisse\/?lang=en\">The brand &amp; our bikes<\/a>[\/mk_fancy_title][vc_single_image image=&#8221;104&#8243; img_size=&#8221;medium&#8221; alignment=&#8221;center&#8221; onclick=&#8221;custom_link&#8221; link=&#8221;https:\/\/www.wattworld.ch\/velo-electrique-watts-suisse\/?lang=en&#8221; el_class=&#8221;moving-hp-img&#8221;][\/vc_column_inner][vc_column_inner width=&#8221;1\/3&#8243;][mk_fancy_title size=&#8221;18&#8243; color=&#8221;#004b6c&#8221; font_weight=&#8221;600&#8243; text_transform=&#8221;uppercase&#8221; font_family=&#8221;none&#8221; align=&#8221;center&#8221;]<a href=\"https:\/\/www.wattworld.ch\/velos-electriques-occasion-geneve\/vente-velos-electriques-en-ligne-2\/?lang=en\">Our online catalog<\/a>[\/mk_fancy_title][vc_single_image image=&#8221;106&#8243; img_size=&#8221;medium&#8221; alignment=&#8221;center&#8221; onclick=&#8221;custom_link&#8221; link=&#8221;https:\/\/www.wattworld.ch\/velos-electriques-occasion-geneve\/vente-velos-electriques-en-ligne-2\/?lang=en&#8221; el_class=&#8221;moving-hp-img&#8221;][\/vc_column_inner][vc_column_inner width=&#8221;1\/3&#8243;][mk_fancy_title size=&#8221;18&#8243; color=&#8221;#004b6c&#8221; font_weight=&#8221;600&#8243; text_transform=&#8221;uppercase&#8221; font_family=&#8221;none&#8221; align=&#8221;center&#8221;]<a href=\"https:\/\/www.wattworld.ch\/partage-velos-electriques-suisse\/?lang=en\">Battery charge locations<\/a>[\/mk_fancy_title][vc_single_image image=&#8221;107&#8243; img_size=&#8221;medium&#8221; alignment=&#8221;center&#8221; onclick=&#8221;custom_link&#8221; link=&#8221;https:\/\/www.wattworld.ch\/partage-velos-electriques-suisse\/?lang=en&#8221; el_class=&#8221;moving-hp-img&#8221;][\/vc_column_inner][\/vc_row_inner][\/vc_column][\/vc_row][mk_page_section bg_image=&#8221;https:\/\/www.wattworld.ch\/wp-content\/uploads\/2016\/03\/Swiss-Wattworld-Team.jpg&#8221; attachment=&#8221;fixed&#8221; bg_position=&#8221;center center&#8221; bg_repeat=&#8221;no-repeat&#8221; bg_stretch=&#8221;true&#8221; parallax_direction=&#8221;horizontal&#8221; padding=&#8221;150&#8243; full_width=&#8221;true&#8221;][vc_column][mk_padding_divider size=&#8221;500&#8243;][\/vc_column][\/mk_page_section][vc_row css=&#8221;.vc_custom_1459332425974{padding-top: 50px !important;padding-right: 0px !important;padding-left: 0px !important;}&#8221;][vc_column][vc_row_inner][vc_column_inner width=&#8221;1\/2&#8243;][vc_column_text]18 years old in 2022 !<\/p>\n<p>And still here!<\/p>\n<p>The first users of our electric bikes are mostly in good health, don\u2019t have cholesterol and make great babies!<\/p>\n<p>Of course we don\u2019t sell happiness but our e-bikes help\u2026<\/p>\n<p>Thousands of people have trusted us and each one of their turns of the pedal reduces the deficit of the health system, saves tons of CO2, and relieves traffic jams.[\/vc_column_text][\/vc_column_inner][vc_column_inner width=&#8221;1\/2&#8243;][vc_column_text]Since Geneva\u2019s <strong>Watts shop &amp; campus<\/strong> was started we have been preparing the future of the e-bike and developing self-service e-bikes by sharing processes\u2026<\/p>\n<p>You will find:<\/p>\n<p><strong>Watts\u2019<\/strong> whole range: elegant, solid, efficient and reliable e-bikes. Accessories and our repair shop.<\/p>\n<p><strong>Mobility Parc:<\/strong> this e-bikes providing and recharging automated system is intended for local authorities and enterprises: no cable to connect, no battery to carry, no bike to lock\u2026 Aesthetics, simplicity, efficiency, reliability. Made in Switzerland.[\/vc_column_text][\/vc_column_inner][\/vc_row_inner][\/vc_column][\/vc_row][vc_row css=&#8221;.vc_custom_1459332408989{padding-top: 50px !important;padding-right: 0px !important;padding-bottom: 50px !important;padding-left: 0px !important;}&#8221;][vc_column][mk_fancy_title tag_name=&#8221;h2&#8243; size=&#8221;34&#8243; line_height=&#8221;34&#8243; color=&#8221;#004c6d&#8221; font_family=&#8221;none&#8221; align=&#8221;center&#8221;]Contact-us ![\/mk_fancy_title][vc_empty_space height=&#8221;30px&#8221;]\n<div class=\"wpcf7 no-js\" id=\"wpcf7-f1381-o1\" lang=\"fr-FR\" dir=\"ltr\" data-wpcf7-id=\"1381\">\n<div class=\"screen-reader-response\"><p role=\"status\" aria-live=\"polite\" aria-atomic=\"true\"><\/p> <ul><\/ul><\/div>\n<form action=\"\/en\/wp-json\/wp\/v2\/pages\/1351#wpcf7-f1381-o1\" method=\"post\" class=\"wpcf7-form init\" aria-label=\"Formulaire de contact\" novalidate=\"novalidate\" data-status=\"init\">\n<fieldset class=\"hidden-fields-container\"><input type=\"hidden\" name=\"_wpcf7\" value=\"1381\" \/><input type=\"hidden\" name=\"_wpcf7_version\" value=\"6.1.5\" \/><input type=\"hidden\" name=\"_wpcf7_locale\" value=\"fr_FR\" \/><input type=\"hidden\" name=\"_wpcf7_unit_tag\" value=\"wpcf7-f1381-o1\" \/><input type=\"hidden\" name=\"_wpcf7_container_post\" value=\"0\" \/><input type=\"hidden\" name=\"_wpcf7_posted_data_hash\" value=\"\" \/><input type=\"hidden\" name=\"_wpcf7_recaptcha_response\" value=\"\" \/>\n<\/fieldset>\n<p>Your Name\n<\/p>\n<p><span class=\"wpcf7-form-control-wrap\" data-name=\"lastname\"><input size=\"40\" maxlength=\"400\" class=\"wpcf7-form-control wpcf7-text wpcf7-validates-as-required\" aria-required=\"true\" aria-invalid=\"false\" value=\"\" type=\"text\" name=\"lastname\" \/><\/span>\n<\/p>\n<p>Your First Name\n<\/p>\n<p><span class=\"wpcf7-form-control-wrap\" data-name=\"firstname\"><input size=\"40\" maxlength=\"400\" class=\"wpcf7-form-control wpcf7-text wpcf7-validates-as-required\" aria-required=\"true\" aria-invalid=\"false\" value=\"\" type=\"text\" name=\"firstname\" \/><\/span>\n<\/p>\n<p>Your email (obligatory)\n<\/p>\n<p><span class=\"wpcf7-form-control-wrap\" data-name=\"email\"><input size=\"40\" maxlength=\"400\" class=\"wpcf7-form-control wpcf7-email wpcf7-validates-as-required wpcf7-text wpcf7-validates-as-email\" aria-required=\"true\" aria-invalid=\"false\" value=\"\" type=\"email\" name=\"email\" \/><\/span>\n<\/p>\n<p>Subject\n<\/p>\n<p><span class=\"wpcf7-form-control-wrap\" data-name=\"subjet\"><span class=\"wpcf7-form-control wpcf7-checkbox wpcf7-validates-as-required\"><span class=\"wpcf7-list-item first\"><input type=\"checkbox\" name=\"subjet[]\" value=\"Watts\" \/><span class=\"wpcf7-list-item-label\">Watts<\/span><\/span><span class=\"wpcf7-list-item\"><input type=\"checkbox\" name=\"subjet[]\" value=\"Wattshop\" \/><span class=\"wpcf7-list-item-label\">Wattshop<\/span><\/span><span class=\"wpcf7-list-item last\"><input type=\"checkbox\" name=\"subjet[]\" value=\"Mobility Parc\" \/><span class=\"wpcf7-list-item-label\">Mobility Parc<\/span><\/span><\/span><\/span>\n<\/p>\n<p>Your message\n<\/p>\n<p><span class=\"wpcf7-form-control-wrap\" data-name=\"message\"><textarea cols=\"40\" rows=\"10\" maxlength=\"2000\" class=\"wpcf7-form-control wpcf7-textarea wpcf7-validates-as-required\" aria-required=\"true\" aria-invalid=\"false\" name=\"message\"><\/textarea><\/span>\n<\/p>\n<p><span class=\"wpcf7-form-control-wrap\" data-name=\"Contact\"><span class=\"wpcf7-form-control wpcf7-acceptance\"><span class=\"wpcf7-list-item\"><label><input type=\"checkbox\" name=\"Contact\" value=\"1\" aria-invalid=\"false\" \/><span class=\"wpcf7-list-item-label\">By using this form you agree with the storage and handling of your data by this website.<\/span><\/label><\/span><\/span><\/span>\n<\/p>\n<p><br \/>\n\n<\/p>\n<p><input class=\"wpcf7-form-control wpcf7-submit has-spinner\" type=\"submit\" value=\"Send\" \/>\n<\/p><div class=\"wpcf7-response-output\" aria-hidden=\"true\"><\/div>\n<\/form>\n<\/div>\n[\/vc_column][\/vc_row]\n<\/div>","protected":false},"excerpt":{"rendered":"<p>[mk_page_section bg_image=&#8221;https:\/\/www.wattworld.ch\/wp-content\/uploads\/2024\/04\/2222240418-WATTWORLD-VELO-BLEU-HOMME-2.jpg&#8221; attachment=&#8221;fixed&#8221; bg_position=&#8221;center center&#8221; bg_repeat=&#8221;no-repeat&#8221; bg_stretch=&#8221;true&#8221;][vc_column][vc_row_inner][vc_column_inner width=&#8221;1\/2&#8243;][\/vc_column_inner][vc_column_inner width=&#8221;1\/2&#8243; css=&#8221;.vc_custom_1459332857056{margin-top: 100px !important;margin-bottom: 100px !important;padding-top: 20px !important;padding-right: 20px !important;padding-bottom: 20px !important;padding-left: 20px !important;background-color: rgba(255,255,255,0.8) !important;*background-color: rgb(255,255,255) !important;border-radius: 5px !important;}&#8221;][mk_blog image_height=&#8221;100&#8243; cropping=&#8221;false&#8221; count=&#8221;1&#8243; pagination=&#8221;false&#8221; excerpt_length=&#8221;500&#8243; item_id=&#8221;1458757444-56f2df4495beb&#8221;][vc_empty_space height=&#8221;5&#8243;][mk_button corner_style=&#8221;rounded&#8221; size=&#8221;medium&#8221; bg_color=&#8221;#004b6c&#8221; txt_color=&#8221;#ffffff&#8221; url=&#8221;https:\/\/www.wattworld.ch\/actualites\/?lang=en&#8221; align=&#8221;center&#8221; margin_bottom=&#8221;9&#8243;]Find out more[\/mk_button][\/vc_column_inner][\/vc_row_inner][\/vc_column][\/mk_page_section][vc_row css=&#8221;.vc_custom_1459437771313{padding-top: 50px !important;padding-right: 0px !important;padding-bottom: 0px !important;padding-left: 0px !important;}&#8221;][vc_column][vc_custom_heading text=&#8221;Vente de [&hellip;]<\/p>\n","protected":false},"author":2,"featured_media":0,"parent":0,"menu_order":0,"comment_status":"closed","ping_status":"closed","template":"","meta":{"footnotes":""},"class_list":["post-1351","page","type-page","status-publish","hentry"],"yoast_head":"<!-- This site is optimized with the Yoast SEO plugin v27.4 - https:\/\/yoast.com\/product\/yoast-seo-wordpress\/ -->\n<title>Wattworld | Electric bikes and accessories Geneva and Lausanne<\/title>\n<meta name=\"description\" content=\"In Wattworld, electric bikes, second hand, brand new, in our shop or at reseller&#039;s points between Geneva and Lausanne. Bike accessories. Bike sharing in self-service.\" \/>\n<meta name=\"robots\" content=\"index, follow, max-snippet:-1, max-image-preview:large, max-video-preview:-1\" \/>\n<link rel=\"canonical\" href=\"https:\/\/www.wattworld.ch\/en\/\" \/>\n<meta property=\"og:locale\" content=\"en_US\" \/>\n<meta property=\"og:type\" content=\"article\" \/>\n<meta property=\"og:title\" content=\"Wattworld | Electric bikes and accessories Geneva and Lausanne\" \/>\n<meta property=\"og:description\" content=\"In Wattworld, electric bikes, second hand, brand new, in our shop or at reseller&#039;s points between Geneva and Lausanne. Bike accessories. Bike sharing in self-service.\" \/>\n<meta property=\"og:url\" content=\"https:\/\/www.wattworld.ch\/en\/\" \/>\n<meta property=\"og:site_name\" content=\"Wattworld\" \/>\n<meta property=\"article:modified_time\" content=\"2024-05-27T07:56:59+00:00\" \/>\n<meta name=\"twitter:card\" content=\"summary_large_image\" \/>\n<meta name=\"twitter:label1\" content=\"Est. reading time\" \/>\n\t<meta name=\"twitter:data1\" content=\"2 minutes\" \/>\n<script type=\"application\/ld+json\" class=\"yoast-schema-graph\">{\"@context\":\"https:\\\/\\\/schema.org\",\"@graph\":[{\"@type\":\"WebPage\",\"@id\":\"https:\\\/\\\/www.wattworld.ch\\\/en\\\/\",\"url\":\"https:\\\/\\\/www.wattworld.ch\\\/en\\\/\",\"name\":\"Wattworld | Electric bikes and accessories Geneva and Lausanne\",\"isPartOf\":{\"@id\":\"https:\\\/\\\/www.wattworld.ch\\\/#website\"},\"datePublished\":\"2016-03-23T18:26:03+00:00\",\"dateModified\":\"2024-05-27T07:56:59+00:00\",\"description\":\"In Wattworld, electric bikes, second hand, brand new, in our shop or at reseller's points between Geneva and Lausanne. Bike accessories. Bike sharing in self-service.\",\"breadcrumb\":{\"@id\":\"https:\\\/\\\/www.wattworld.ch\\\/en\\\/#breadcrumb\"},\"inLanguage\":\"en-US\",\"potentialAction\":[{\"@type\":\"ReadAction\",\"target\":[\"https:\\\/\\\/www.wattworld.ch\\\/en\\\/\"]}]},{\"@type\":\"BreadcrumbList\",\"@id\":\"https:\\\/\\\/www.wattworld.ch\\\/en\\\/#breadcrumb\",\"itemListElement\":[{\"@type\":\"ListItem\",\"position\":1,\"name\":\"Accueil\",\"item\":\"https:\\\/\\\/www.wattworld.ch\\\/en\\\/\"},{\"@type\":\"ListItem\",\"position\":2,\"name\":\"Homepage\"}]},{\"@type\":\"WebSite\",\"@id\":\"https:\\\/\\\/www.wattworld.ch\\\/#website\",\"url\":\"https:\\\/\\\/www.wattworld.ch\\\/\",\"name\":\"Wattworld\",\"description\":\"Sp\u00e9cialiste du v\u00e9lo \u00e9lectrique \u00e0 Gen\u00e8ve\",\"potentialAction\":[{\"@type\":\"SearchAction\",\"target\":{\"@type\":\"EntryPoint\",\"urlTemplate\":\"https:\\\/\\\/www.wattworld.ch\\\/?s={search_term_string}\"},\"query-input\":{\"@type\":\"PropertyValueSpecification\",\"valueRequired\":true,\"valueName\":\"search_term_string\"}}],\"inLanguage\":\"en-US\"}]}<\/script>\n<!-- \/ Yoast SEO plugin. -->","yoast_head_json":{"title":"Wattworld | Electric bikes and accessories Geneva and Lausanne","description":"In Wattworld, electric bikes, second hand, brand new, in our shop or at reseller's points between Geneva and Lausanne. Bike accessories. Bike sharing in self-service.","robots":{"index":"index","follow":"follow","max-snippet":"max-snippet:-1","max-image-preview":"max-image-preview:large","max-video-preview":"max-video-preview:-1"},"canonical":"https:\/\/www.wattworld.ch\/en\/","og_locale":"en_US","og_type":"article","og_title":"Wattworld | Electric bikes and accessories Geneva and Lausanne","og_description":"In Wattworld, electric bikes, second hand, brand new, in our shop or at reseller's points between Geneva and Lausanne. Bike accessories. Bike sharing in self-service.","og_url":"https:\/\/www.wattworld.ch\/en\/","og_site_name":"Wattworld","article_modified_time":"2024-05-27T07:56:59+00:00","twitter_card":"summary_large_image","twitter_misc":{"Est. reading time":"2 minutes"},"schema":{"@context":"https:\/\/schema.org","@graph":[{"@type":"WebPage","@id":"https:\/\/www.wattworld.ch\/en\/","url":"https:\/\/www.wattworld.ch\/en\/","name":"Wattworld | Electric bikes and accessories Geneva and Lausanne","isPartOf":{"@id":"https:\/\/www.wattworld.ch\/#website"},"datePublished":"2016-03-23T18:26:03+00:00","dateModified":"2024-05-27T07:56:59+00:00","description":"In Wattworld, electric bikes, second hand, brand new, in our shop or at reseller's points between Geneva and Lausanne. Bike accessories. Bike sharing in self-service.","breadcrumb":{"@id":"https:\/\/www.wattworld.ch\/en\/#breadcrumb"},"inLanguage":"en-US","potentialAction":[{"@type":"ReadAction","target":["https:\/\/www.wattworld.ch\/en\/"]}]},{"@type":"BreadcrumbList","@id":"https:\/\/www.wattworld.ch\/en\/#breadcrumb","itemListElement":[{"@type":"ListItem","position":1,"name":"Accueil","item":"https:\/\/www.wattworld.ch\/en\/"},{"@type":"ListItem","position":2,"name":"Homepage"}]},{"@type":"WebSite","@id":"https:\/\/www.wattworld.ch\/#website","url":"https:\/\/www.wattworld.ch\/","name":"Wattworld","description":"Sp\u00e9cialiste du v\u00e9lo \u00e9lectrique \u00e0 Gen\u00e8ve","potentialAction":[{"@type":"SearchAction","target":{"@type":"EntryPoint","urlTemplate":"https:\/\/www.wattworld.ch\/?s={search_term_string}"},"query-input":{"@type":"PropertyValueSpecification","valueRequired":true,"valueName":"search_term_string"}}],"inLanguage":"en-US"}]}},"_links":{"self":[{"href":"https:\/\/www.wattworld.ch\/en\/wp-json\/wp\/v2\/pages\/1351","targetHints":{"allow":["GET"]}}],"collection":[{"href":"https:\/\/www.wattworld.ch\/en\/wp-json\/wp\/v2\/pages"}],"about":[{"href":"https:\/\/www.wattworld.ch\/en\/wp-json\/wp\/v2\/types\/page"}],"author":[{"embeddable":true,"href":"https:\/\/www.wattworld.ch\/en\/wp-json\/wp\/v2\/users\/2"}],"replies":[{"embeddable":true,"href":"https:\/\/www.wattworld.ch\/en\/wp-json\/wp\/v2\/comments?post=1351"}],"version-history":[{"count":16,"href":"https:\/\/www.wattworld.ch\/en\/wp-json\/wp\/v2\/pages\/1351\/revisions"}],"predecessor-version":[{"id":3924,"href":"https:\/\/www.wattworld.ch\/en\/wp-json\/wp\/v2\/pages\/1351\/revisions\/3924"}],"wp:attachment":[{"href":"https:\/\/www.wattworld.ch\/en\/wp-json\/wp\/v2\/media?parent=1351"}],"curies":[{"name":"wp","href":"https:\/\/api.w.org\/{rel}","templated":true}]}}